{"id":106,"date":"2016-11-07T12:02:53","date_gmt":"2016-11-07T12:02:53","guid":{"rendered":"http:\/\/congresos.unileon.es\/plantilla\/?page_id=106"},"modified":"2025-10-06T17:58:40","modified_gmt":"2025-10-06T17:58:40","slug":"comites","status":"publish","type":"page","link":"https:\/\/congresos.unileon.es\/14cimo2025\/comites\/","title":{"rendered":"Comit\u00e9s"},"content":{"rendered":"<p>[et_pb_section fb_built=&#8221;1&#8243; admin_label=&#8221;section&#8221; _builder_version=&#8221;4.16&#8243; global_colors_info=&#8221;{}&#8221;][et_pb_row admin_label=&#8221;Fila&#8221; _builder_version=&#8221;4.16&#8243; background_size=&#8221;initial&#8221; background_position=&#8221;top_left&#8221; background_repeat=&#8221;repeat&#8221; global_colors_info=&#8221;{}&#8221;][et_pb_column type=&#8221;4_4&#8243; _builder_version=&#8221;4.16&#8243; custom_padding=&#8221;|||&#8221; global_colors_info=&#8221;{}&#8221; custom_padding__hover=&#8221;|||&#8221;][et_pb_post_title meta=&#8221;off&#8221; featured_image=&#8221;off&#8221; admin_label=&#8221;T\u00edtulo de publicaci\u00f3n&#8221; module_class=&#8221;entry-title main_title&#8221; _builder_version=&#8221;4.16&#8243; title_all_caps=&#8221;off&#8221; background_color=&#8221;rgba(255,255,255,0)&#8221; parallax=&#8221;on&#8221; parallax_method=&#8221;off&#8221; parallax_effect=&#8221;on&#8221; module_bg_color=&#8221;rgba(255,255,255,0)&#8221; use_border_color=&#8221;off&#8221; border_color=&#8221;#ffffff&#8221; border_style=&#8221;solid&#8221; global_colors_info=&#8221;{}&#8221;][\/et_pb_post_title][\/et_pb_column][\/et_pb_row][et_pb_row column_structure=&#8221;1_2,1_2&#8243; admin_label=&#8221;Fila&#8221; _builder_version=&#8221;4.16&#8243; background_size=&#8221;initial&#8221; background_position=&#8221;top_left&#8221; background_repeat=&#8221;repeat&#8221; global_colors_info=&#8221;{}&#8221;][et_pb_column type=&#8221;1_2&#8243; _builder_version=&#8221;4.16&#8243; custom_padding=&#8221;|||&#8221; global_colors_info=&#8221;{}&#8221; custom_padding__hover=&#8221;|||&#8221;][et_pb_text admin_label=&#8221;Texto&#8221; _builder_version=&#8221;4.16&#8243; background_size=&#8221;initial&#8221; background_position=&#8221;top_left&#8221; background_repeat=&#8221;repeat&#8221; use_border_color=&#8221;off&#8221; border_color=&#8221;#ffffff&#8221; border_style=&#8221;solid&#8221; global_colors_info=&#8221;{}&#8221;]<\/p>\n<h2 class=\"titulocomite\">Comit\u00e9 organizador<\/h2>\n<ul>\n<li>DIRECCI\u00d3N: D. <strong>Javier Revilla Casado <\/strong>(Historia Contempor\u00e1nea, Universidad de Le\u00f3n, Espa\u00f1a)<\/li>\n<li>SECRETAR\u00cdA: D\u00aa <strong>Ana Cristina Rodr\u00edguez Guerra<\/strong> (Historia Contempor\u00e1nea, Universidad de Le\u00f3n, Espa\u00f1a)<\/li>\n<li>D. <strong>Pedro Jes\u00fas Fern\u00e1ndez Ruiz<\/strong> (Presidente de ACEM, Espa\u00f1a)<\/li>\n<li>D\u00aa <strong>Aina R. Serrano Espases<\/strong> (Vicepresidenta de ACEM, Espa\u00f1a)<\/li>\n<li>D\u00aa <strong>Mar\u00eda Fern\u00e1ndez Raga<\/strong> (F\u00edsica Aplicada, Universidad de Le\u00f3n, Espa\u00f1a)<\/li>\n<li>D\u00aa <strong>Beatriz Garc\u00eda Prieto<\/strong> (Instituto de Humanismo y Tradici\u00f3n Cl\u00e1sica, Universidad de Le\u00f3n, Espa\u00f1a)<\/li>\n<li>D\u00aa <strong>Laura Gonz\u00e1lez Garrido<\/strong> (Antropolog\u00eda F\u00edsica, Universidad de Le\u00f3n, Espa\u00f1a)<\/li>\n<li>D. <strong>Jorge Mart\u00ednez Montero (<\/strong>Escuela de Arte y Superior de Conservaci\u00f3n y Restauraci\u00f3n de Bienes Culturales de Le\u00f3n, Espa\u00f1a)<\/li>\n<li>D\u00aa <strong>Raquel Mart\u00ednez Pe\u00f1\u00edn<\/strong> (Historia Medieval, Universidad de Le\u00f3n, Espa\u00f1a)<\/li>\n<li>D. <strong>Bruno Matos<\/strong> (Arquitectura, Universidade do Porto, Portugal)<\/li>\n<li>D. <strong>Sergio Alberto Pe\u00f1a P\u00e9rez<\/strong> (Geograf\u00eda F\u00edsica, Universidad de Le\u00f3n, Espa\u00f1a)<\/li>\n<li>D. <strong>Armando Ruiz Campo<\/strong> (PAS, Universidad de Le\u00f3n, Espa\u00f1a)<\/li>\n<\/ul>\n<ul><\/ul>\n<ul><\/ul>\n<ul><\/ul>\n<p>[\/et_pb_text][\/et_pb_column][et_pb_column type=&#8221;1_2&#8243; _builder_version=&#8221;4.16&#8243; custom_padding=&#8221;|||&#8221; global_colors_info=&#8221;{}&#8221; custom_padding__hover=&#8221;|||&#8221;][et_pb_text admin_label=&#8221;Texto&#8221; _builder_version=&#8221;4.16&#8243; background_size=&#8221;initial&#8221; background_position=&#8221;top_left&#8221; background_repeat=&#8221;repeat&#8221; use_border_color=&#8221;off&#8221; border_color=&#8221;#ffffff&#8221; border_style=&#8221;solid&#8221; global_colors_info=&#8221;{}&#8221;]<\/p>\n<h2 class=\"titulocomite\">Comit\u00e9 honor\u00edfico<\/h2>\n<ul>\n<li>D\u00aa <strong>Nuria Gonz\u00e1lez \u00c1lvarez<\/strong>. Rectora de la Universidad de Le\u00f3n.<\/li>\n<li>D. <strong>Jos\u00e9 Antonio Diez D\u00edaz<\/strong>. Alcalde de Le\u00f3n.<\/li>\n<li>D. <strong>Pedro Jes\u00fas Fern\u00e1ndez Ruiz<\/strong>. Presidente de ACEM.<\/li>\n<\/ul>\n<p>[\/et_pb_text][\/et_pb_column][\/et_pb_row][et_pb_row padding_mobile=&#8221;off&#8221; column_padding_mobile=&#8221;on&#8221; admin_label=&#8221;Fila&#8221; _builder_version=&#8221;4.16&#8243; background_size=&#8221;initial&#8221; background_position=&#8221;top_left&#8221; background_repeat=&#8221;repeat&#8221; custom_padding=&#8221;||0px|&#8221; make_fullwidth=&#8221;off&#8221; use_custom_width=&#8221;off&#8221; width_unit=&#8221;on&#8221; global_colors_info=&#8221;{}&#8221;][et_pb_column type=&#8221;4_4&#8243; _builder_version=&#8221;4.16&#8243; custom_padding=&#8221;|||&#8221; global_colors_info=&#8221;{}&#8221; custom_padding__hover=&#8221;|||&#8221;][et_pb_text admin_label=&#8221;Texto&#8221; _builder_version=&#8221;4.16&#8243; background_size=&#8221;initial&#8221; background_position=&#8221;top_left&#8221; background_repeat=&#8221;repeat&#8221; use_border_color=&#8221;off&#8221; border_color=&#8221;#ffffff&#8221; border_style=&#8221;solid&#8221; global_colors_info=&#8221;{}&#8221;]<\/p>\n<h2 class=\"titulocomite\">Comit\u00e9 cient\u00edfico y asesor<\/h2>\n<ul>\n<li><span style=\"font-size: 14px\">D. Eloy Algorri Garc\u00eda (Arquitectura, Le\u00f3n, Espa\u00f1a)<\/span><\/li>\n<li>D. Joaqu\u00edn Alonso Gonz\u00e1lez (Patrimonio Cultural, Le\u00f3n, Espa\u00f1a)<\/li>\n<li>D. Jos\u00e9 Luis Alonso Ponga (Antropolog\u00eda Social, Universidad de Valladolid, Espa\u00f1a)<\/li>\n<li>D\u00aa Natalia \u00c1lvarez M\u00e9ndez (Literatura, Universidad de Le\u00f3n, Espa\u00f1a)<\/li>\n<li>D\u00aa Virginia Asensio Mart\u00ednez (Patrimonio Industrial, Medina de Rioseco (Valladolid), Espa\u00f1a)<\/li>\n<li>D\u00aa Esther Aparicio Rabanedo (Patrimonio Cultural, Madrid, Espa\u00f1a)<\/li>\n<li>D. Francisco Balado Insunza (Historia Contempor\u00e1nea, Ponferrada (Le\u00f3n), UNED, Espa\u00f1a)<\/li>\n<li>D. Jos\u00e9 Antonio Balboa de Paz (Patrimonio Industrial, Ponferrada (Le\u00f3n), Espa\u00f1a)<\/li>\n<li>D\u00aa Mar\u00eda Susana Barbeito P\u00e9rez (Dise\u00f1adora Gr\u00e1fica, Valencia de Don Juan (Le\u00f3n), Espa\u00f1a)<\/li>\n<li>D. Alejandro Bocanegra Cayero (Arquitecto, Badajoz y Lisboa, Espa\u00f1a y Portugal)<\/li>\n<li>D\u00aa Ana Cabana Iglesia (Historia Contempor\u00e1nea, Universidade de Santiago de Compostela, Espa\u00f1a)<\/li>\n<li>D. Cesarino Calleja Arteaga (Molinero, Fresno de la Vega (Le\u00f3n), Espa\u00f1a)<\/li>\n<li>D. Rafael Ceballos Roa (Universidad de Le\u00f3n, Biblioteconom\u00eda y Documentaci\u00f3n, Espa\u00f1a)<\/li>\n<li>D\u00aa In\u00e9s Cia Fern\u00e1ndez (Historia Contempor\u00e1nea, Gij\u00f3n (Asturias), Espa\u00f1a)<\/li>\n<li>D. Alberto Corada Alonso (Historia Moderna, Universidad de Valladolid, Espa\u00f1a)<\/li>\n<li>D. Fernando Cuevas Ruiz (Patrimonio Industrial, Barruelo de Santull\u00e1n (Palencia), Espa\u00f1a)<\/li>\n<li>D\u00aa Laura D\u00edez Guti\u00e9rrez (Historia Medieval, Universidad de Le\u00f3n, Espa\u00f1a)<\/li>\n<li>D. Santiago Dom\u00ednguez S\u00e1nchez (Ciencias y T\u00e9cnicas Historiogr\u00e1ficas, Universidad de Le\u00f3n, Espa\u00f1a)<\/li>\n<li>D\u00aa Noelia Fern\u00e1ndez Garc\u00eda (Historia del Arte, Universidad de Le\u00f3n, Espa\u00f1a)<\/li>\n<li>D. Miguel Gonz\u00e1lez Gonz\u00e1lez (Antropolog\u00eda Social, Universidad de Le\u00f3n, Espa\u00f1a)<\/li>\n<li>D. Ra\u00fal Gonz\u00e1lez Gonz\u00e1lez (Historia Medieval, Universidad de Le\u00f3n, Espa\u00f1a)<\/li>\n<li>D. Daniel Herrero Luque (Geograf\u00eda, Universidad de Valladolid, Espa\u00f1a)<\/li>\n<li>D\u00aa Vanessa Jimeno Guerra (Historia del Arte, Universidad de Le\u00f3n, Espa\u00f1a)<\/li>\n<li>D. Jos\u00e9 Manuel Lopes Cordeiro (Patrimonio Industrial, Universidade do Minho, Espa\u00f1a)<\/li>\n<li>D\u00aa Alexandra Patr\u00edcia Lopes Esteves (Historia Contempor\u00e1nea, Universidade do Minho, Espa\u00f1a)<\/li>\n<li>D. Pablo L\u00f3pez Presa (Arquitectura, Le\u00f3n, Espa\u00f1a)<\/li>\n<li>D. Alberto Mor\u00e1n Corte (Historia Moderna, Universidad de Le\u00f3n, Espa\u00f1a)<\/li>\n<li>D\u00aa Mar\u00eda Pilar Panero Garc\u00eda (Antropolog\u00eda Social, Universidad de Valladolid, Espa\u00f1a)<\/li>\n<li>D. Jes\u00fas Paniagua P\u00e9rez (Historia de Am\u00e9rica, Universidad de Le\u00f3n, Espa\u00f1a)<\/li>\n<li>D\u00aa Clara Pimienta do Vale (Arquitectura, Universidade do Porto, Espa\u00f1a)<\/li>\n<li>D. Flavio de la Puente (Molinero, Valle de Mansilla (Le\u00f3n), Espa\u00f1a)<\/li>\n<li>D\u00aa Itziar Quir\u00f3s Urdampilleta (Arquitectura, Le\u00f3n, Espa\u00f1a)<\/li>\n<li>D\u00aa Clara Ramos Huerga (Historia Contempor\u00e1nea, Universidad de Le\u00f3n, Espa\u00f1a)<\/li>\n<li>D. Jes\u00fas \u00c1ngel Redondo Carde\u00f1oso (Historia Contempor\u00e1nea, Universidad de Valladolid, Espa\u00f1a)<\/li>\n<li>D. Adrian Renilla Garc\u00eda (Historia Contempor\u00e1nea, Universidad de Le\u00f3n, Espa\u00f1a)<\/li>\n<li>D\u00aa Gloria Rivero Lamela (Arquitectura, Universidad de Sevilla, Espa\u00f1a)<\/li>\n<li>D. Jos\u00e9 Javier Rodr\u00edguez Gonz\u00e1lez (Historia Contempor\u00e1nea, Universidad de Le\u00f3n, Espa\u00f1a)<\/li>\n<li>D\u00aa Marina S\u00e1nchez Alonso (Patrimonio Cultural, Promonumenta e Hispania Nostra, Le\u00f3n, Espa\u00f1a)<\/li>\n<li>D\u00aa Diana S\u00e1nchez Mustieles (Arquitectura, Valencia, Espa\u00f1a)<\/li>\n<li>D\u00aa Noem\u00ed Su\u00e1rez Blanco (T\u00e9cnicas audiovisuales, Sorribos de Alba (Le\u00f3n), Espa\u00f1a)<\/li>\n<li>D. Carlos Tejerizo Garc\u00eda (Historia Medieval, Universidad de Salamanca, Espa\u00f1a)<\/li>\n<li>D\u00aa Yolanda Dolores Ter\u00e1n Trillo (Instituto Nacional de Antropolog\u00eda e Historia (INAH), M\u00e9xico)\u00a0<\/li>\n<li>D. Pablo Jos\u00e9 Zapico Guti\u00e9rrez (Ingenier\u00eda el\u00e9ctrica y ACEM, Le\u00f3n, Espa\u00f1a)<\/li>\n<\/ul>\n<p>[\/et_pb_text][\/et_pb_column][\/et_pb_row][\/et_pb_section][et_pb_section fb_built=&#8221;1&#8243; admin_label=&#8221;Secci\u00f3n&#8221; _builder_version=&#8221;4.16&#8243; global_colors_info=&#8221;{}&#8221;][et_pb_row padding_mobile=&#8221;off&#8221; column_padding_mobile=&#8221;on&#8221; admin_label=&#8221;Fila&#8221; _builder_version=&#8221;4.17.6&#8243; background_size=&#8221;initial&#8221; background_position=&#8221;top_left&#8221; background_repeat=&#8221;repeat&#8221; make_fullwidth=&#8221;off&#8221; use_custom_width=&#8221;off&#8221; width_unit=&#8221;on&#8221; locked=&#8221;off&#8221; global_colors_info=&#8221;{}&#8221;][et_pb_column type=&#8221;4_4&#8243; _builder_version=&#8221;4.16&#8243; custom_padding=&#8221;|||&#8221; global_colors_info=&#8221;{}&#8221; custom_padding__hover=&#8221;|||&#8221;][et_pb_text admin_label=&#8221;Texto&#8221; module_class=&#8221;entry-title main_title&#8221; _builder_version=&#8221;4.17.6&#8243; background_size=&#8221;initial&#8221; background_position=&#8221;top_left&#8221; background_repeat=&#8221;repeat&#8221; use_border_color=&#8221;off&#8221; border_color=&#8221;#ffffff&#8221; border_style=&#8221;solid&#8221; global_colors_info=&#8221;{}&#8221;]<\/p>\n<h1>Organizadores<\/h1>\n<p>[\/et_pb_text][et_pb_image src=&#8221;https:\/\/congresos.unileon.es\/14cimo2025\/wp-content\/uploads\/sites\/20\/2025\/03\/UniACEM.png&#8221; title_text=&#8221;UniACEM&#8221; align_tablet=&#8221;center&#8221; align_phone=&#8221;center&#8221; align_last_edited=&#8221;on|desktop&#8221; admin_label=&#8221;Imagen&#8221; _builder_version=&#8221;4.17.6&#8243; use_border_color=&#8221;off&#8221; border_color=&#8221;#ffffff&#8221; border_style=&#8221;solid&#8221; animation=&#8221;off&#8221; sticky=&#8221;off&#8221; always_center_on_mobile=&#8221;on&#8221; global_colors_info=&#8221;{}&#8221;] [\/et_pb_image][et_pb_text admin_label=&#8221;Texto&#8221; module_class=&#8221;entry-title main_title&#8221; _builder_version=&#8221;4.17.6&#8243; background_size=&#8221;initial&#8221; background_position=&#8221;top_left&#8221; background_repeat=&#8221;repeat&#8221; use_border_color=&#8221;off&#8221; border_color=&#8221;#ffffff&#8221; border_style=&#8221;solid&#8221; global_colors_info=&#8221;{}&#8221;]<\/p>\n<h1>Patrocinador<\/h1>\n<p>[\/et_pb_text][et_pb_image src=&#8221;https:\/\/congresos.unileon.es\/14cimo2025\/wp-content\/uploads\/sites\/20\/2025\/03\/AytoLeon1-1-scaled.jpg&#8221; title_text=&#8221;AytoLeon1 (1)&#8221; align_tablet=&#8221;center&#8221; align_phone=&#8221;center&#8221; align_last_edited=&#8221;on|desktop&#8221; admin_label=&#8221;Imagen&#8221; _builder_version=&#8221;4.17.6&#8243; use_border_color=&#8221;off&#8221; border_color=&#8221;#ffffff&#8221; border_style=&#8221;solid&#8221; animation=&#8221;off&#8221; sticky=&#8221;off&#8221; always_center_on_mobile=&#8221;on&#8221; global_colors_info=&#8221;{}&#8221;] [\/et_pb_image][et_pb_text admin_label=&#8221;Texto&#8221; module_class=&#8221;entry-title main_title&#8221; _builder_version=&#8221;4.17.6&#8243; background_size=&#8221;initial&#8221; background_position=&#8221;top_left&#8221; background_repeat=&#8221;repeat&#8221; use_border_color=&#8221;off&#8221; border_color=&#8221;#ffffff&#8221; border_style=&#8221;solid&#8221; global_colors_info=&#8221;{}&#8221;]<\/p>\n<h1>Colaboradores<\/h1>\n<p>[\/et_pb_text][et_pb_image src=&#8221;https:\/\/congresos.unileon.es\/14cimo2025\/wp-content\/uploads\/sites\/20\/2025\/03\/diptacionILC-1.png&#8221; title_text=&#8221;diptacionILC&#8221; align_tablet=&#8221;center&#8221; align_phone=&#8221;center&#8221; align_last_edited=&#8221;on|desktop&#8221; admin_label=&#8221;Imagen&#8221; _builder_version=&#8221;4.17.6&#8243; use_border_color=&#8221;off&#8221; border_color=&#8221;#ffffff&#8221; border_style=&#8221;solid&#8221; animation=&#8221;off&#8221; sticky=&#8221;off&#8221; always_center_on_mobile=&#8221;on&#8221; global_colors_info=&#8221;{}&#8221;] [\/et_pb_image][et_pb_image src=&#8221;https:\/\/congresos.unileon.es\/14cimo2025\/wp-content\/uploads\/sites\/20\/2025\/03\/FundacionEinstituto.png&#8221; title_text=&#8221;FundacionEinstituto&#8221; align_tablet=&#8221;center&#8221; align_phone=&#8221;center&#8221; align_last_edited=&#8221;on|desktop&#8221; admin_label=&#8221;Imagen&#8221; _builder_version=&#8221;4.17.6&#8243; hover_enabled=&#8221;0&#8243; use_border_color=&#8221;off&#8221; border_color=&#8221;#ffffff&#8221; border_style=&#8221;solid&#8221; animation=&#8221;off&#8221; sticky=&#8221;off&#8221; always_center_on_mobile=&#8221;on&#8221; global_colors_info=&#8221;{}&#8221; sticky_enabled=&#8221;0&#8243;] [\/et_pb_image][et_pb_image src=&#8221;https:\/\/congresos.unileon.es\/14cimo2025\/wp-content\/uploads\/sites\/20\/2025\/10\/HISMECONBellasArtes1280x195.jpg&#8221; title_text=&#8221;HISMECONBellasArtes1280x195&#8243; align_tablet=&#8221;center&#8221; align_phone=&#8221;center&#8221; align_last_edited=&#8221;on|desktop&#8221; admin_label=&#8221;Imagen&#8221; _builder_version=&#8221;4.17.6&#8243; hover_enabled=&#8221;0&#8243; use_border_color=&#8221;off&#8221; border_color=&#8221;#ffffff&#8221; border_style=&#8221;solid&#8221; animation=&#8221;off&#8221; sticky=&#8221;off&#8221; always_center_on_mobile=&#8221;on&#8221; global_colors_info=&#8221;{}&#8221; sticky_enabled=&#8221;0&#8243;] [\/et_pb_image][\/et_pb_column][\/et_pb_row][\/et_pb_section]<\/p>\n","protected":false},"excerpt":{"rendered":"<p>Comit\u00e9 organizador DIRECCI\u00d3N: D. Javier Revilla Casado (Historia Contempor\u00e1nea, Universidad de Le\u00f3n, Espa\u00f1a) SECRETAR\u00cdA: D\u00aa Ana Cristina Rodr\u00edguez Guerra (Historia Contempor\u00e1nea, Universidad de Le\u00f3n, Espa\u00f1a) D. Pedro Jes\u00fas Fern\u00e1ndez Ruiz (Presidente de ACEM, Espa\u00f1a) D\u00aa Aina R. Serrano Espases (Vicepresidenta de ACEM, Espa\u00f1a) D\u00aa Mar\u00eda Fern\u00e1ndez Raga (F\u00edsica Aplicada, Universidad de Le\u00f3n, Espa\u00f1a) D\u00aa Beatriz [&hellip;]<\/p>\n","protected":false},"author":2,"featured_media":0,"parent":0,"menu_order":0,"comment_status":"closed","ping_status":"closed","template":"","meta":{"_et_pb_use_builder":"on","_et_pb_old_content":"<strong>Organizadores<\/strong>\r\n<ul>\r\n \t<li>Grupo de Innovaci\u00f3n Docente IFAHE - Innovation through Formative Assessment in Higher Education de la Universidad de Le\u00f3n<\/li>\r\n \t<li>Universidad de Le\u00f3n<\/li>\r\n \t<li>Red de Evaluaci\u00f3n Formativa y Compartida en Educaci\u00f3n Superior (REFYCES)<\/li>\r\n<\/ul>\r\n<strong>\u00a0<\/strong>\r\n\r\n<strong>Comit\u00e9 Organizador<\/strong>\r\n<ul>\r\n \t<li>\u00c1ngel P\u00e9rez Pueyo (Dpto de Educaci\u00f3n F\u00edsica y Deportiva, Universidad de Le\u00f3n) - Presidente<\/li>\r\n \t<li>\u00c1ngeles Diez Fern\u00e1ndez (Dpto de Filolog\u00eda Moderna, Universidad de Le\u00f3n)<\/li>\r\n \t<li>Carlos Guti\u00e9rrez Garc\u00eda (Dpto de Educaci\u00f3n F\u00edsica y Deportiva, Universidad de Le\u00f3n)<\/li>\r\n \t<li>David Hortig\u00fcela Alcal\u00e1 (Dpto de Did\u00e1cticas Espec\u00edficas, Universidad de Burgos)<\/li>\r\n \t<li>Inmaculada Gonz\u00e1lez Alonso (Dpto de Ingenier\u00edas El\u00e9ctrica y de Sistemas y Autom\u00e1tica, Universidad de Le\u00f3n)<\/li>\r\n \t<li>M\u00aa. Dolores Alonso-Cort\u00e9s Fradejas (Dpto de Filolog\u00eda Hisp\u00e1nica y Cl\u00e1sica, Universidad de Le\u00f3n)<\/li>\r\n \t<li>Marta Eva Garc\u00eda Gonz\u00e1lez (Dpto. Biodiversidad y Gesti\u00f3n Ambiental, Universidad de Le\u00f3n)<\/li>\r\n \t<li>Raquel Dom\u00ednguez Fern\u00e1ndez (Dpto de Geograf\u00eda y Geolog\u00eda, Universidad de Le\u00f3n)<\/li>\r\n \t<li>Roberto Fern\u00e1ndez Fern\u00e1ndez (Dpto de Derecho Privado y de la Empresa, Universidad de Le\u00f3n)<\/li>\r\n \t<li>V\u00edctor Manuel L\u00f3pez Pastor (Departamentode Did\u00e1ctica de la Expresi\u00f3n Musical, Pl\u00e1stica y Corporal, Universidad de Valladolid)<\/li>\r\n<\/ul>\r\n\u00a0\r\n\r\n<strong>Comit\u00e9 de Honor<\/strong>\r\n<ul>\r\n \t<li>Rector Magn\u00edfico de la Universidad de Le\u00f3n<\/li>\r\n<\/ul>\r\n<ol>\r\n \t<li>Juan Francisco Garc\u00eda Mar\u00edn<\/li>\r\n<\/ol>\r\n<ul>\r\n \t<li>Decano de la Facultad de Educaci\u00f3n de la Universidad de Le\u00f3n<\/li>\r\n<\/ul>\r\n<ol>\r\n \t<li>Jos\u00e9\u00a0M\u00aa\u00a0Santamarta\u00a0Luengos<\/li>\r\n<\/ol>\r\n\u00a0\r\n\r\n<strong>Comit\u00e9 Cient\u00edfico<\/strong>\r\n<ul>\r\n \t<li>Alberto Modeno Do\u00f1a (Universidad de Valpara\u00edso, Chile)<\/li>\r\n \t<li>Alejandra Hernando Garijo (Universidad de Burgos)<\/li>\r\n \t<li>\u00c1ngel P\u00e9rez Pueyo (Universidad de Le\u00f3n, Espa\u00f1a)<\/li>\r\n \t<li>\u00c1ngeles Diez Fern\u00e1ndez (Universidad de Le\u00f3n, Espa\u00f1a)<\/li>\r\n \t<li>Antonio Fraile Aranda (Universidad de Valladolid)<\/li>\r\n \t<li>Carlos Guti\u00e9rrez Garc\u00eda (Universidad de Le\u00f3n, Espa\u00f1a)<\/li>\r\n \t<li>Cristina Vall\u00e9s Rapp (Universidad de Valladolid)<\/li>\r\n \t<li>David Hortig\u00fcela Alcal\u00e1 (Universidad de Burgos, Espa\u00f1a)<\/li>\r\n \t<li>Fco. Javier Castej\u00f3n Oliva (Universidad Aut\u00f3noma de Madrid)<\/li>\r\n \t<li>Inmaculada Gonz\u00e1lez Alonso (Universidad de Le\u00f3n, Espa\u00f1a)<\/li>\r\n \t<li>Irina Salcines Talledo (Universidad de Cantabria)<\/li>\r\n \t<li>Lurdes Mart\u00ednez M\u00ednguez (Universidad Aut\u00f3noma de Barcelona)<\/li>\r\n \t<li>Marta Eva Garc\u00eda Gonz\u00e1lez (Universidad de Le\u00f3n, Espa\u00f1a)<\/li>\r\n \t<li>M\u00aa Antonia L\u00f3pez Luengo (Universidad de Valladolid)<\/li>\r\n \t<li>M\u00aa. Dolores Alonso-Cort\u00e9s Fradejas (Universidad de Le\u00f3n, Espa\u00f1a)<\/li>\r\n \t<li>Natalia Gonz\u00e1lez Fern\u00e1ndez (Universidad de Cantabria)<\/li>\r\n \t<li>Patricia Pintor D\u00edaz (Universidad de La Laguna)<\/li>\r\n \t<li>Raquel Dom\u00ednguez Fern\u00e1ndez (Universidad de Le\u00f3n, Espa\u00f1a)<\/li>\r\n \t<li>Roberto Fern\u00e1ndez Fern\u00e1ndez (Universidad de Le\u00f3n, Espa\u00f1a)<\/li>\r\n \t<li>V\u00edctor Abella Garc\u00eda (Universidad de Burgos)<\/li>\r\n<\/ul>\r\n\u00a0\r\n\r\n<strong>Patrocinio Editorial<\/strong>\r\n<ul>\r\n \t<li>Revista \u201cInfancia, Educaci\u00f3n y Aprendizaje\u201d (<a href=\"https:\/\/revistainfanciaeducacionyaprendizaje.com\/\">IEYA<\/a>)<\/li>\r\n<\/ul>","_et_gb_content_width":"","footnotes":""},"class_list":["post-106","page","type-page","status-publish","hentry"],"_links":{"self":[{"href":"https:\/\/congresos.unileon.es\/14cimo2025\/wp-json\/wp\/v2\/pages\/106","targetHints":{"allow":["GET"]}}],"collection":[{"href":"https:\/\/congresos.unileon.es\/14cimo2025\/wp-json\/wp\/v2\/pages"}],"about":[{"href":"https:\/\/congresos.unileon.es\/14cimo2025\/wp-json\/wp\/v2\/types\/page"}],"author":[{"embeddable":true,"href":"https:\/\/congresos.unileon.es\/14cimo2025\/wp-json\/wp\/v2\/users\/2"}],"replies":[{"embeddable":true,"href":"https:\/\/congresos.unileon.es\/14cimo2025\/wp-json\/wp\/v2\/comments?post=106"}],"version-history":[{"count":98,"href":"https:\/\/congresos.unileon.es\/14cimo2025\/wp-json\/wp\/v2\/pages\/106\/revisions"}],"predecessor-version":[{"id":1622,"href":"https:\/\/congresos.unileon.es\/14cimo2025\/wp-json\/wp\/v2\/pages\/106\/revisions\/1622"}],"wp:attachment":[{"href":"https:\/\/congresos.unileon.es\/14cimo2025\/wp-json\/wp\/v2\/media?parent=106"}],"curies":[{"name":"wp","href":"https:\/\/api.w.org\/{rel}","templated":true}]}}