{"id":112,"date":"2016-11-07T12:03:32","date_gmt":"2016-11-07T12:03:32","guid":{"rendered":"http:\/\/congresos.unileon.es\/plantilla\/?page_id=112"},"modified":"2025-12-19T09:17:58","modified_gmt":"2025-12-19T09:17:58","slug":"inscripcion","status":"publish","type":"page","link":"https:\/\/congresos.unileon.es\/14cimo2025\/inscripcion\/","title":{"rendered":"Modos de participaci\u00f3n e Inscripci\u00f3n"},"content":{"rendered":"<p>[et_pb_section fb_built=&#8221;1&#8243; admin_label=&#8221;section&#8221; _builder_version=&#8221;4.16&#8243; global_colors_info=&#8221;{}&#8221;][et_pb_row admin_label=&#8221;row&#8221; _builder_version=&#8221;4.16&#8243; background_size=&#8221;initial&#8221; background_position=&#8221;top_left&#8221; background_repeat=&#8221;repeat&#8221; global_colors_info=&#8221;{}&#8221;][et_pb_column type=&#8221;4_4&#8243; _builder_version=&#8221;4.16&#8243; custom_padding=&#8221;|||&#8221; global_colors_info=&#8221;{}&#8221; custom_padding__hover=&#8221;|||&#8221;][et_pb_post_title meta=&#8221;off&#8221; featured_image=&#8221;off&#8221; admin_label=&#8221;T\u00edtulo de publicaci\u00f3n&#8221; module_class=&#8221;entry-title main_title&#8221; _builder_version=&#8221;4.16&#8243; title_all_caps=&#8221;off&#8221; background_color=&#8221;rgba(255,255,255,0)&#8221; parallax=&#8221;on&#8221; parallax_method=&#8221;off&#8221; parallax_effect=&#8221;on&#8221; module_bg_color=&#8221;rgba(255,255,255,0)&#8221; use_border_color=&#8221;off&#8221; border_color=&#8221;#ffffff&#8221; border_style=&#8221;solid&#8221; global_colors_info=&#8221;{}&#8221;][\/et_pb_post_title][et_pb_text admin_label=&#8221;Texto&#8221; _builder_version=&#8221;4.16&#8243; background_size=&#8221;initial&#8221; background_position=&#8221;top_left&#8221; background_repeat=&#8221;repeat&#8221; use_border_color=&#8221;off&#8221; border_color=&#8221;#ffffff&#8221; border_style=&#8221;solid&#8221; global_colors_info=&#8221;{}&#8221;]<\/p>\n<h1>Modalidades<\/h1>\n<p>Las modalidades b\u00e1sicas de participaci\u00f3n en el 14\u00ba CIMO fueron:<\/p>\n<ul>\n<li>Asistencia (presencial o en l\u00ednea)<\/li>\n<li>Asistencia y env\u00edo de p\u00f3ster<\/li>\n<li>Asistencia y env\u00edo + presentaci\u00f3n de comunicaci\u00f3n<\/li>\n<li>Acompa\u00f1ante<\/li>\n<\/ul>\n<p>Las sesiones del 14\u00ba CIMO se realizaron de forma <strong>presencial<\/strong>, debiendo asistir a presentar oralmente sus trabajos quienes as\u00ed lo solicitaron. Pudo seguirse tambi\u00e9n <strong>en l\u00ednea<\/strong> (emisi\u00f3n en streaming), en este \u00faltimo caso solo para congresistas oyentes.<\/p>\n<p>Los trabajos a enviar al 14\u00ba CIMO puedieron ser <strong>comunicaciones<\/strong> o <strong>p\u00f3steres <\/strong>(no se recibieron en este caso), con las caracter\u00edsticas y normas que se indican en las circulares y en la siguiente pesta\u00f1a de esta web.<\/p>\n<p><strong>\u00a0<\/strong><\/p>\n<h1>Cuotas<\/h1>\n<p>En funci\u00f3n de la modalidad de participaci\u00f3n y de otros requisitos, la inscripci\u00f3n individual al 14\u00ba CIMO pudo ser:<span style=\"font-size: 14px\">\u00a0<\/span><\/p>\n<p>&nbsp;<\/p>\n<table width=\"446\">\n<tbody>\n<tr>\n<td width=\"302\">\n<p>Inscripci\u00f3n general<\/p>\n<\/td>\n<td width=\"144\">\n<p>100,00 \u20ac<\/p>\n<\/td>\n<\/tr>\n<tr>\n<td width=\"302\">\n<p>Inscripci\u00f3n general con env\u00edo de p\u00f3ster<\/p>\n<\/td>\n<td width=\"144\">\n<p>125,00 \u20ac<\/p>\n<\/td>\n<\/tr>\n<tr>\n<td width=\"302\">\n<p>Inscripci\u00f3n de socio de ACEM<\/p>\n<\/td>\n<td width=\"144\">\n<p>70,00 \u20ac<\/p>\n<\/td>\n<\/tr>\n<tr>\n<td width=\"302\">\n<p>Inscripci\u00f3n de socio de ACEM + p\u00f3ster<\/p>\n<\/td>\n<td width=\"144\">\n<p>95,00 \u20ac<\/p>\n<\/td>\n<\/tr>\n<tr>\n<td width=\"302\">\n<p>Inscripci\u00f3n de estudiante universitario<\/p>\n<\/td>\n<td width=\"144\">\n<p>50,00 \u20ac<\/p>\n<\/td>\n<\/tr>\n<tr>\n<td width=\"302\">\n<p>Inscripci\u00f3n de desempleado<\/p>\n<\/td>\n<td width=\"144\">\n<p>50,00 \u20ac<\/p>\n<\/td>\n<\/tr>\n<tr>\n<td width=\"302\">\n<p>Inscripci\u00f3n de acompa\u00f1ante<\/p>\n<\/td>\n<td width=\"144\">\n<p>50,00 \u20ac<\/p>\n<\/td>\n<\/tr>\n<tr>\n<td width=\"302\">\n<p>Asistencia en l\u00ednea (sin viaje)<\/p>\n<\/td>\n<td width=\"144\">\n<p>50,00 \u20ac<\/p>\n<\/td>\n<\/tr>\n<\/tbody>\n<\/table>\n<p>A partir del 14 de septiembre de 2025 las cuotas de inscripci\u00f3n se incrementaron en 10 \u20ac.<\/p>\n<p>Estos son los detalles de las distintas cuotas de inscripci\u00f3n:<\/p>\n<ul>\n<li><u>Inscripci\u00f3n general<\/u>: incluye la asistencia completa a todas las actividades del congreso, facultando a la presentaci\u00f3n de comunicaciones (con las normas y especificaciones que se fijar\u00e1n en la segunda circular) y dando derecho a la recepci\u00f3n de un ejemplar del libro de actas que se publique tras el mismo, as\u00ed como al servicio de caf\u00e9 durante las pausas. No incluye almuerzos, alojamiento ni gastos de desplazamiento, salvo a la visita t\u00e9cnica del s\u00e1bado 18 de octubre. Los inscritos recibir\u00e1n certificado de asistencia y de presentaci\u00f3n de comunicaci\u00f3n en su caso. Su cuota ser\u00e1 de 100,00 euros.<\/li>\n<li><u>Inscripci\u00f3n general con env\u00edo de p\u00f3ster<\/u>: incluye todo lo anterior m\u00e1s la posibilidad de enviar p\u00f3ster en formato digital (con las normas y especificaciones que se fijar\u00e1n en la segunda circular) y que la organizaci\u00f3n del congreso se encargar\u00e1 de imprimir a color y exponer sobre soporte r\u00edgido y durante las jornadas. Recibir\u00e1n certificado de presentaci\u00f3n de p\u00f3ster. Su cuota ser\u00e1 de 125,00 euros.<\/li>\n<li><u>Inscripci\u00f3n de socios de ACEM<\/u>: modalidad equiparable a la inscripci\u00f3n general con rebaja para los asociados en activo durante el ejercicio 2025. Hay dos opciones, con o sin p\u00f3ster, siendo sus cuotas de 70,00 o de 95,00 euros.<\/li>\n<li><u>Inscripci\u00f3n de estudiantes universitarios<\/u>: modalidad equiparable a la inscripci\u00f3n general con rebaja para los estudiantes en activo durante los cursos 2024\/2025 o 2025\/2026 (cuando realicen la inscripci\u00f3n) en la Universidad de Le\u00f3n u otras universidades espa\u00f1olas. Podr\u00e1n obtener 1 cr\u00e9dito ECTS (pendiente de aprobaci\u00f3n por la Universidad de Le\u00f3n en pr\u00f3ximas fechas). Su cuota ser\u00e1 de 50,00 euros.<\/li>\n<li><u>Inscripci\u00f3n de desempleados<\/u>: modalidad equiparable a la inscripci\u00f3n general con rebaja para los desempleados con tarjeta en vigor (en el momento de realizar la inscripci\u00f3n). Su cuota ser\u00e1 de 50,00 euros.<\/li>\n<li><u>Inscripci\u00f3n de acompa\u00f1antes<\/u>: para las personas que acudan junto a un inscrito, pudiendo asistir a todas las actividades del congreso y\/o a las actividades paralelas que se programen para acompa\u00f1antes (se informar\u00e1 en futuras circulares y en la web del 14\u00ba CIMO). No incluye la recepci\u00f3n del libro de actas. Su cuota ser\u00e1 de 50,00 euros.<\/li>\n<li><u>Inscripci\u00f3n para asistentes en l\u00ednea<\/u>: para quienes quieran seguir el congreso en streaming, sin posibilidad de intervenir en las sesiones. No incluye la asistencia a la visita t\u00e9cnica del s\u00e1bado 18 de octubre ni los servicios de caf\u00e9 en las pausas. Incluye el env\u00edo de un ejemplar del libro de actas que se publique tras el mismo. Su cuota ser\u00e1 de 50,00 euros en general.<\/li>\n<\/ul>\n<p>La inscripci\u00f3n al 14\u00ba CIMO pudo realizarse hasta el 14 de octubre de 2025, aunque a partir del 14 de septiembre de 2025 las cuotas se incrementaron en 10 euros por lo que recomendamos realizarla con anterioridad.<\/p>\n<p>La organizaci\u00f3n propuso a los inscritos la posibilidad de asistir a una cena en la jornada inaugural del congreso, cuyo coste (40,00 euros) debi\u00f3 sufragarse a mayores de las cuotas indicadas. Esta cena fue completamente opcional.<\/p>\n<h1><\/h1>\n<p>[\/et_pb_text][et_pb_text admin_label=&#8221;Texto&#8221; _builder_version=&#8221;4.17.6&#8243; background_size=&#8221;initial&#8221; background_position=&#8221;top_left&#8221; background_repeat=&#8221;repeat&#8221; hover_enabled=&#8221;0&#8243; use_border_color=&#8221;off&#8221; border_color=&#8221;#ffffff&#8221; border_style=&#8221;solid&#8221; global_colors_info=&#8221;{}&#8221; custom_padding=&#8221;||2px|||&#8221; sticky_enabled=&#8221;0&#8243;]<\/p>\n<h1>Inscripci\u00f3n<\/h1>\n<p>Facilitamos una <span style=\"color: #0000ff\"><a href=\"https:\/\/congresos.unileon.es\/14cimo2025\/wp-content\/uploads\/sites\/20\/2025\/09\/INSCRIPCION-EN-XIV-CIMO-LEON-2025.pdf\" style=\"color: #0000ff\"><strong>explicaci\u00f3n &#8220;paso a paso&#8221; en este enlace<\/strong><\/a><\/span>, especialmente para usuarios externos a la Universidad de Le\u00f3n.<\/p>\n<p>La inscripci\u00f3n al 14\u00ba CIMO pudo realizarse hasta el 14 de octubre de 2025 a trav\u00e9s de <span style=\"color: #0000ff\"><strong><a href=\"https:\/\/extensionuniversitaria.unileon.es\/cursos-y-matriculas\/curso\/2025con00041-xiv-congreso-internacional-de-molinologia\" target=\"_blank\" rel=\"noopener\" style=\"color: #0000ff\">este enlace<\/a> <\/strong><\/span>o en el siguiente bot\u00f3n:<\/p>\n<p>[\/et_pb_text][et_pb_code admin_label=&#8221;C\u00f3digo&#8221; _builder_version=&#8221;4.17.6&#8243; global_colors_info=&#8221;{}&#8221;]<\/p>\n<h2><a class=\"botonacceso\" href=\"https:\/\/extensionuniversitaria.unileon.es\/cursos-y-matriculas\/curso\/2025con00041-xiv-congreso-internacional-de-molinologia\/inscripcion\" target=\"_blank\">Inscr\u00edbete aqu\u00ed<\/a><\/h2>\n<p>[\/et_pb_code][et_pb_text admin_label=&#8221;Texto&#8221; _builder_version=&#8221;4.16&#8243; background_size=&#8221;initial&#8221; background_position=&#8221;top_left&#8221; background_repeat=&#8221;repeat&#8221; custom_margin=&#8221;||-39px|||&#8221; use_border_color=&#8221;off&#8221; border_color=&#8221;#ffffff&#8221; border_style=&#8221;solid&#8221; global_colors_info=&#8221;{}&#8221;]<\/p>\n<p><strong>Factura<\/strong><\/p>\n<p>En caso de que necesite factura (tras completar la inscripci\u00f3n):<\/p>\n<p>Env\u00ede un e-mail a <a href=\"mailto:ulesci@unileon.es\">ulesci@unileon.es<\/a> con su petici\u00f3n indicando nombre completo, CIF\/NIF y direcci\u00f3n postal completa<\/p>\n<p>&nbsp;<\/p>\n<p>&nbsp;<\/p>\n<p>&nbsp;<\/p>\n<p>[\/et_pb_text][\/et_pb_column][\/et_pb_row][\/et_pb_section][et_pb_section fb_built=&#8221;1&#8243; custom_padding_last_edited=&#8221;on|desktop&#8221; admin_label=&#8221;Secci\u00f3n&#8221; _builder_version=&#8221;4.16&#8243; custom_padding_tablet=&#8221;50px|0|50px|0&#8243; custom_padding_phone=&#8221;50px|0|50px|0&#8243; transparent_background=&#8221;off&#8221; padding_mobile=&#8221;off&#8221; make_fullwidth=&#8221;off&#8221; use_custom_width=&#8221;off&#8221; width_unit=&#8221;on&#8221; global_colors_info=&#8221;{}&#8221;][et_pb_row padding_mobile=&#8221;off&#8221; column_padding_mobile=&#8221;on&#8221; admin_label=&#8221;Fila&#8221; _builder_version=&#8221;4.17.6&#8243; background_size=&#8221;initial&#8221; background_position=&#8221;top_left&#8221; background_repeat=&#8221;repeat&#8221; make_fullwidth=&#8221;off&#8221; use_custom_width=&#8221;off&#8221; width_unit=&#8221;on&#8221; locked=&#8221;off&#8221; global_colors_info=&#8221;{}&#8221;][et_pb_column type=&#8221;4_4&#8243; _builder_version=&#8221;4.16&#8243; custom_padding=&#8221;|||&#8221; global_colors_info=&#8221;{}&#8221; custom_padding__hover=&#8221;|||&#8221;][et_pb_text admin_label=&#8221;Texto&#8221; module_class=&#8221;entry-title main_title&#8221; _builder_version=&#8221;4.17.6&#8243; background_size=&#8221;initial&#8221; background_position=&#8221;top_left&#8221; background_repeat=&#8221;repeat&#8221; use_border_color=&#8221;off&#8221; border_color=&#8221;#ffffff&#8221; border_style=&#8221;solid&#8221; global_colors_info=&#8221;{}&#8221;]<\/p>\n<h1>Organizadores<\/h1>\n<p>[\/et_pb_text][et_pb_image src=&#8221;https:\/\/congresos.unileon.es\/14cimo2025\/wp-content\/uploads\/sites\/20\/2025\/03\/UniACEM.png&#8221; title_text=&#8221;UniACEM&#8221; align_tablet=&#8221;center&#8221; align_phone=&#8221;center&#8221; align_last_edited=&#8221;on|desktop&#8221; admin_label=&#8221;Imagen&#8221; _builder_version=&#8221;4.17.6&#8243; use_border_color=&#8221;off&#8221; border_color=&#8221;#ffffff&#8221; border_style=&#8221;solid&#8221; animation=&#8221;off&#8221; sticky=&#8221;off&#8221; always_center_on_mobile=&#8221;on&#8221; global_colors_info=&#8221;{}&#8221;] [\/et_pb_image][et_pb_text admin_label=&#8221;Texto&#8221; module_class=&#8221;entry-title main_title&#8221; _builder_version=&#8221;4.17.6&#8243; background_size=&#8221;initial&#8221; background_position=&#8221;top_left&#8221; background_repeat=&#8221;repeat&#8221; use_border_color=&#8221;off&#8221; border_color=&#8221;#ffffff&#8221; border_style=&#8221;solid&#8221; global_colors_info=&#8221;{}&#8221;]<\/p>\n<h1>Patrocinador<\/h1>\n<p>[\/et_pb_text][et_pb_image src=&#8221;https:\/\/congresos.unileon.es\/14cimo2025\/wp-content\/uploads\/sites\/20\/2025\/03\/AytoLeon1-1-scaled.jpg&#8221; title_text=&#8221;AytoLeon1 (1)&#8221; align_tablet=&#8221;center&#8221; align_phone=&#8221;center&#8221; align_last_edited=&#8221;on|desktop&#8221; admin_label=&#8221;Imagen&#8221; _builder_version=&#8221;4.17.6&#8243; use_border_color=&#8221;off&#8221; border_color=&#8221;#ffffff&#8221; border_style=&#8221;solid&#8221; animation=&#8221;off&#8221; sticky=&#8221;off&#8221; always_center_on_mobile=&#8221;on&#8221; global_colors_info=&#8221;{}&#8221;] [\/et_pb_image][et_pb_text admin_label=&#8221;Texto&#8221; module_class=&#8221;entry-title main_title&#8221; _builder_version=&#8221;4.17.6&#8243; background_size=&#8221;initial&#8221; background_position=&#8221;top_left&#8221; background_repeat=&#8221;repeat&#8221; use_border_color=&#8221;off&#8221; border_color=&#8221;#ffffff&#8221; border_style=&#8221;solid&#8221; global_colors_info=&#8221;{}&#8221;]<\/p>\n<h1>Colaboradores<\/h1>\n<p>[\/et_pb_text][et_pb_image src=&#8221;https:\/\/congresos.unileon.es\/14cimo2025\/wp-content\/uploads\/sites\/20\/2025\/03\/diptacionILC-1.png&#8221; title_text=&#8221;diptacionILC&#8221; align_tablet=&#8221;center&#8221; align_phone=&#8221;center&#8221; align_last_edited=&#8221;on|desktop&#8221; admin_label=&#8221;Imagen&#8221; _builder_version=&#8221;4.17.6&#8243; use_border_color=&#8221;off&#8221; border_color=&#8221;#ffffff&#8221; border_style=&#8221;solid&#8221; animation=&#8221;off&#8221; sticky=&#8221;off&#8221; always_center_on_mobile=&#8221;on&#8221; global_colors_info=&#8221;{}&#8221;] [\/et_pb_image][et_pb_image src=&#8221;https:\/\/congresos.unileon.es\/14cimo2025\/wp-content\/uploads\/sites\/20\/2025\/03\/FundacionEinstituto.png&#8221; title_text=&#8221;FundacionEinstituto&#8221; align_tablet=&#8221;center&#8221; align_phone=&#8221;center&#8221; align_last_edited=&#8221;on|desktop&#8221; admin_label=&#8221;Imagen&#8221; _builder_version=&#8221;4.17.6&#8243; use_border_color=&#8221;off&#8221; border_color=&#8221;#ffffff&#8221; border_style=&#8221;solid&#8221; animation=&#8221;off&#8221; sticky=&#8221;off&#8221; always_center_on_mobile=&#8221;on&#8221; global_colors_info=&#8221;{}&#8221;] [\/et_pb_image][et_pb_image src=&#8221;https:\/\/congresos.unileon.es\/14cimo2025\/wp-content\/uploads\/sites\/20\/2025\/10\/HISMECONBellasArtes1280x195.jpg&#8221; title_text=&#8221;HISMECONBellasArtes1280x195&#8243; align_tablet=&#8221;center&#8221; align_phone=&#8221;center&#8221; align_last_edited=&#8221;on|desktop&#8221; admin_label=&#8221;Imagen&#8221; _builder_version=&#8221;4.17.6&#8243; use_border_color=&#8221;off&#8221; border_color=&#8221;#ffffff&#8221; border_style=&#8221;solid&#8221; animation=&#8221;off&#8221; sticky=&#8221;off&#8221; always_center_on_mobile=&#8221;on&#8221; global_colors_info=&#8221;{}&#8221;] [\/et_pb_image][\/et_pb_column][\/et_pb_row][\/et_pb_section]<\/p>\n","protected":false},"excerpt":{"rendered":"<p>Modalidades Las modalidades b\u00e1sicas de participaci\u00f3n en el 14\u00ba CIMO fueron: Asistencia (presencial o en l\u00ednea) Asistencia y env\u00edo de p\u00f3ster Asistencia y env\u00edo + presentaci\u00f3n de comunicaci\u00f3n Acompa\u00f1ante Las sesiones del 14\u00ba CIMO se realizaron de forma presencial, debiendo asistir a presentar oralmente sus trabajos quienes as\u00ed lo solicitaron. Pudo seguirse tambi\u00e9n en l\u00ednea [&hellip;]<\/p>\n","protected":false},"author":2,"featured_media":0,"parent":0,"menu_order":0,"comment_status":"closed","ping_status":"closed","template":"","meta":{"_et_pb_use_builder":"on","_et_pb_old_content":"<img class=\"alignleft size-thumbnail wp-image-182\" src=\"http:\/\/www9.unileon.es\/congresos\/wp-content\/uploads\/sites\/3\/2016\/11\/inscripcion.png\" alt=\"inscripcion\" width=\"60\" height=\"60\" \/>La Red de Evaluaci\u00f3n Formativa y Compartida en Educaci\u00f3n Superior (REFYCES) realiza un importante esfuerzo para que las cuotas de asistencia a sus congresos sean asequibles, en el convencimiento de que el factor econ\u00f3mico no debe ser un factor limitante para participar en los mismos. Desde esta perspectiva, se establecen las siguientes cuotas de inscripci\u00f3n:\r\n\r\n<strong>Inscripci\u00f3n reducida (hasta 21 de abril de 2017)<\/strong>\r\n<ul>\r\n \t<li>Comunidad universitaria ULE, tutores de Pr\u00e1cticum de la ULE y miembros de la Red de Evaluaci\u00f3n formativa y compartida: 60\u20ac<\/li>\r\n \t<li>Resto de asistentes: 80\u20ac<\/li>\r\n<\/ul>\r\n<strong>Inscripci\u00f3n ordinaria (hasta 30 de junio de 2017)<\/strong>\r\n<ul>\r\n \t<li>Comunidad universitaria ULE, tutores de Pr\u00e1cticum de la ULE y miembros de la Red de Evaluaci\u00f3n formativa y compartida: 75\u20ac<\/li>\r\n \t<li>Resto de asistentes: 100\u20ac<\/li>\r\n<\/ul>\r\n\u00a0\r\n<table style=\"height: 287px;\" width=\"718\">\r\n<tbody>\r\n<tr>\r\n<td width=\"338\"><\/td>\r\n<td width=\"118\"><strong>Hasta el 31 de marzo de 2017<\/strong><\/td>\r\n<td width=\"104\"><strong>Hasta el 21 de abril de 2017<\/strong><\/td>\r\n<\/tr>\r\n<tr>\r\n<td width=\"338\">Comunidad universitaria ULE, tutores de Pr\u00e1cticum de la ULE y miembros de la Red de Evaluaci\u00f3n formativa y compartida<\/td>\r\n<td width=\"118\">60\u20ac<\/td>\r\n<td width=\"104\">80\u20ac<\/td>\r\n<\/tr>\r\n<tr>\r\n<td width=\"338\">Resto de asistentes<\/td>\r\n<td width=\"118\">75\u20ac<\/td>\r\n<td width=\"104\">100\u20ac<\/td>\r\n<\/tr>\r\n<\/tbody>\r\n<\/table>","_et_gb_content_width":"","footnotes":""},"class_list":["post-112","page","type-page","status-publish","hentry"],"_links":{"self":[{"href":"https:\/\/congresos.unileon.es\/14cimo2025\/wp-json\/wp\/v2\/pages\/112","targetHints":{"allow":["GET"]}}],"collection":[{"href":"https:\/\/congresos.unileon.es\/14cimo2025\/wp-json\/wp\/v2\/pages"}],"about":[{"href":"https:\/\/congresos.unileon.es\/14cimo2025\/wp-json\/wp\/v2\/types\/page"}],"author":[{"embeddable":true,"href":"https:\/\/congresos.unileon.es\/14cimo2025\/wp-json\/wp\/v2\/users\/2"}],"replies":[{"embeddable":true,"href":"https:\/\/congresos.unileon.es\/14cimo2025\/wp-json\/wp\/v2\/comments?post=112"}],"version-history":[{"count":65,"href":"https:\/\/congresos.unileon.es\/14cimo2025\/wp-json\/wp\/v2\/pages\/112\/revisions"}],"predecessor-version":[{"id":1669,"href":"https:\/\/congresos.unileon.es\/14cimo2025\/wp-json\/wp\/v2\/pages\/112\/revisions\/1669"}],"wp:attachment":[{"href":"https:\/\/congresos.unileon.es\/14cimo2025\/wp-json\/wp\/v2\/media?parent=112"}],"curies":[{"name":"wp","href":"https:\/\/api.w.org\/{rel}","templated":true}]}}